{"id":3180,"date":"2015-12-14T11:02:38","date_gmt":"2015-12-14T11:02:38","guid":{"rendered":"http:\/\/loule2015.com\/?page_id=3180"},"modified":"2020-09-09T11:08:19","modified_gmt":"2020-09-09T11:08:19","slug":"cerimonia-de-encerramento-de-loule-cidade-europeia-do-desporto-2015-3o-edicao-da-gala-do-desporto","status":"publish","type":"page","link":"http:\/\/loule2015.com\/?page_id=3180","title":{"rendered":"Cerim\u00f3nia de Encerramento de Loul\u00e9 Cidade Europeia do Desporto 2015 \u2013 3\u00ba Edi\u00e7\u00e3o da Gala do Desporto"},"content":{"rendered":"<p><img loading=\"lazy\" decoding=\"async\" class=\"aligncenter size-large wp-image-3199\" src=\"http:\/\/loule2015.com\/wp-content\/uploads\/2015\/12\/cartaz_cerimonia_encerramento_gala_desporto3-1024x1448.png\" alt=\"cartaz_cerimonia_encerramento_gala_desporto\" width=\"640\" height=\"905\" srcset=\"http:\/\/loule2015.com\/wp-content\/uploads\/2015\/12\/cartaz_cerimonia_encerramento_gala_desporto3-1024x1448.png 1024w, http:\/\/loule2015.com\/wp-content\/uploads\/2015\/12\/cartaz_cerimonia_encerramento_gala_desporto3-452x640.png 452w, http:\/\/loule2015.com\/wp-content\/uploads\/2015\/12\/cartaz_cerimonia_encerramento_gala_desporto3-800x1132.png 800w, http:\/\/loule2015.com\/wp-content\/uploads\/2015\/12\/cartaz_cerimonia_encerramento_gala_desporto3.png 1122w\" sizes=\"auto, (max-width: 640px) 100vw, 640px\" \/><\/p>\n<div class=\"gtranslate_wrapper\" id=\"gt-wrapper-85762715\"><\/div>\n<div class=\"fcbkbttn_buttons_block\" id=\"fcbkbttn_left\"><div class=\"fcbkbttn_like fcbkbttn_large_button\"><fb:like href=\"http:\/\/loule2015.com\/?page_id=3180\" action=\"like\" colorscheme=\"light\" layout=\"button_count\"  size=\"large\"><\/fb:like><\/div><\/div>\n<p><span style=\"color: #ffffff;\">_<\/span><\/p>\n<p style=\"text-align: justify;\">A C\u00e2mara Municipal de Loul\u00e9 organiza a Cerim\u00f3nia de Encerramento de Loul\u00e9 Cidade Europeia do Desporto 2015 \u2013 3\u00ba Edi\u00e7\u00e3o da Gala do Desporto, no dia 19 de Dezembro, no Pavilh\u00e3o Desportivo Municipal de Loul\u00e9, pelas 21h00.<br \/>\nPara al\u00e9m de promover e divulgar a pr\u00e1tica de desporto e a actividade f\u00edsica no concelho, este evento pretende distinguir todos aqueles que, ao longo das \u00e9pocas desportivas 2013\/2014 e 2014\/2015 ou nos anos civis de 2013, 2014 e 2015, desempenharam um papel preponderante no desenvolvimento do desporto pelos resultados obtidos no quadro competitivo federado, fazendo repercutir o nome de Loul\u00e9 ao longo do pais e al\u00e9m fronteiras.<br \/>\nOs pr\u00e9mios s\u00e3o individuais e colectivos e v\u00e3o ser atribu\u00eddos aos campe\u00f5es nacionais, europeus e\/ou mundiais.<\/p>\n<p style=\"text-align: center;\">resumo fotogr\u00e1fico<\/p>\n\n\t\t<style type=\"text\/css\">\n\t\t\t#gallery-1 {\n\t\t\t\tmargin: auto;\n\t\t\t}\n\t\t\t#gallery-1 .gallery-item {\n\t\t\t\tfloat: left;\n\t\t\t\tmargin-top: 10px;\n\t\t\t\ttext-align: center;\n\t\t\t\twidth: 33%;\n\t\t\t}\n\t\t\t#gallery-1 img {\n\t\t\t\tborder: 2px solid #cfcfcf;\n\t\t\t}\n\t\t\t#gallery-1 .gallery-caption {\n\t\t\t\tmargin-left: 0;\n\t\t\t}\n\t\t\t\/* see gallery_shortcode() in wp-includes\/media.php *\/\n\t\t<\/style>\n\t\t<div id='gallery-1' class='gallery galleryid-3180 gallery-columns-3 gallery-size-thumbnail'><dl class='gallery-item'>\n\t\t\t<dt class='gallery-icon landscape'>\n\t\t\t\t<a href='http:\/\/loule2015.com\/wp-content\/uploads\/2015\/12\/DSC_5401.jpg'><img loading=\"lazy\" decoding=\"async\" width=\"480\" height=\"321\" src=\"http:\/\/loule2015.com\/wp-content\/uploads\/2015\/12\/DSC_5401-480x321.jpg\" class=\"attachment-thumbnail size-thumbnail\" alt=\"\" srcset=\"http:\/\/loule2015.com\/wp-content\/uploads\/2015\/12\/DSC_5401-480x321.jpg 480w, http:\/\/loule2015.com\/wp-content\/uploads\/2015\/12\/DSC_5401.jpg 800w\" sizes=\"auto, (max-width: 480px) 100vw, 480px\" \/><\/a>\n\t\t\t<\/dt><\/dl><dl class='gallery-item'>\n\t\t\t<dt class='gallery-icon landscape'>\n\t\t\t\t<a href='http:\/\/loule2015.com\/wp-content\/uploads\/2015\/12\/DSC_5277.jpg'><img loading=\"lazy\" decoding=\"async\" width=\"480\" height=\"321\" src=\"http:\/\/loule2015.com\/wp-content\/uploads\/2015\/12\/DSC_5277-480x321.jpg\" class=\"attachment-thumbnail size-thumbnail\" alt=\"\" srcset=\"http:\/\/loule2015.com\/wp-content\/uploads\/2015\/12\/DSC_5277-480x321.jpg 480w, http:\/\/loule2015.com\/wp-content\/uploads\/2015\/12\/DSC_5277.jpg 800w\" sizes=\"auto, (max-width: 480px) 100vw, 480px\" \/><\/a>\n\t\t\t<\/dt><\/dl><dl class='gallery-item'>\n\t\t\t<dt class='gallery-icon landscape'>\n\t\t\t\t<a href='http:\/\/loule2015.com\/wp-content\/uploads\/2015\/12\/DSC_5534.jpg'><img loading=\"lazy\" decoding=\"async\" width=\"480\" height=\"321\" src=\"http:\/\/loule2015.com\/wp-content\/uploads\/2015\/12\/DSC_5534-480x321.jpg\" class=\"attachment-thumbnail size-thumbnail\" alt=\"\" srcset=\"http:\/\/loule2015.com\/wp-content\/uploads\/2015\/12\/DSC_5534-480x321.jpg 480w, http:\/\/loule2015.com\/wp-content\/uploads\/2015\/12\/DSC_5534.jpg 800w\" sizes=\"auto, (max-width: 480px) 100vw, 480px\" \/><\/a>\n\t\t\t<\/dt><\/dl><br style=\"clear: both\" \/><dl class='gallery-item'>\n\t\t\t<dt class='gallery-icon landscape'>\n\t\t\t\t<a href='http:\/\/loule2015.com\/wp-content\/uploads\/2015\/12\/DSC_5487.jpg'><img loading=\"lazy\" decoding=\"async\" width=\"480\" height=\"321\" src=\"http:\/\/loule2015.com\/wp-content\/uploads\/2015\/12\/DSC_5487-480x321.jpg\" class=\"attachment-thumbnail size-thumbnail\" alt=\"\" srcset=\"http:\/\/loule2015.com\/wp-content\/uploads\/2015\/12\/DSC_5487-480x321.jpg 480w, http:\/\/loule2015.com\/wp-content\/uploads\/2015\/12\/DSC_5487.jpg 800w\" sizes=\"auto, (max-width: 480px) 100vw, 480px\" \/><\/a>\n\t\t\t<\/dt><\/dl><dl class='gallery-item'>\n\t\t\t<dt class='gallery-icon landscape'>\n\t\t\t\t<a href='http:\/\/loule2015.com\/wp-content\/uploads\/2015\/12\/DSC_5354.jpg'><img loading=\"lazy\" decoding=\"async\" width=\"480\" height=\"321\" src=\"http:\/\/loule2015.com\/wp-content\/uploads\/2015\/12\/DSC_5354-480x321.jpg\" class=\"attachment-thumbnail size-thumbnail\" alt=\"\" srcset=\"http:\/\/loule2015.com\/wp-content\/uploads\/2015\/12\/DSC_5354-480x321.jpg 480w, http:\/\/loule2015.com\/wp-content\/uploads\/2015\/12\/DSC_5354.jpg 800w\" sizes=\"auto, (max-width: 480px) 100vw, 480px\" \/><\/a>\n\t\t\t<\/dt><\/dl><dl class='gallery-item'>\n\t\t\t<dt class='gallery-icon landscape'>\n\t\t\t\t<a href='http:\/\/loule2015.com\/wp-content\/uploads\/2015\/12\/DSC_5399.jpg'><img loading=\"lazy\" decoding=\"async\" width=\"480\" height=\"321\" src=\"http:\/\/loule2015.com\/wp-content\/uploads\/2015\/12\/DSC_5399-480x321.jpg\" class=\"attachment-thumbnail size-thumbnail\" alt=\"\" srcset=\"http:\/\/loule2015.com\/wp-content\/uploads\/2015\/12\/DSC_5399-480x321.jpg 480w, http:\/\/loule2015.com\/wp-content\/uploads\/2015\/12\/DSC_5399.jpg 800w\" sizes=\"auto, (max-width: 480px) 100vw, 480px\" \/><\/a>\n\t\t\t<\/dt><\/dl><br style=\"clear: both\" \/><dl class='gallery-item'>\n\t\t\t<dt class='gallery-icon landscape'>\n\t\t\t\t<a href='http:\/\/loule2015.com\/wp-content\/uploads\/2015\/12\/DSC_5423.jpg'><img loading=\"lazy\" decoding=\"async\" width=\"480\" height=\"321\" src=\"http:\/\/loule2015.com\/wp-content\/uploads\/2015\/12\/DSC_5423-480x321.jpg\" class=\"attachment-thumbnail size-thumbnail\" alt=\"\" srcset=\"http:\/\/loule2015.com\/wp-content\/uploads\/2015\/12\/DSC_5423-480x321.jpg 480w, http:\/\/loule2015.com\/wp-content\/uploads\/2015\/12\/DSC_5423.jpg 800w\" sizes=\"auto, (max-width: 480px) 100vw, 480px\" \/><\/a>\n\t\t\t<\/dt><\/dl><dl class='gallery-item'>\n\t\t\t<dt class='gallery-icon landscape'>\n\t\t\t\t<a href='http:\/\/loule2015.com\/wp-content\/uploads\/2015\/12\/DSC_5263.jpg'><img loading=\"lazy\" decoding=\"async\" width=\"480\" height=\"321\" src=\"http:\/\/loule2015.com\/wp-content\/uploads\/2015\/12\/DSC_5263-480x321.jpg\" class=\"attachment-thumbnail size-thumbnail\" alt=\"\" srcset=\"http:\/\/loule2015.com\/wp-content\/uploads\/2015\/12\/DSC_5263-480x321.jpg 480w, http:\/\/loule2015.com\/wp-content\/uploads\/2015\/12\/DSC_5263.jpg 800w\" sizes=\"auto, (max-width: 480px) 100vw, 480px\" \/><\/a>\n\t\t\t<\/dt><\/dl><dl class='gallery-item'>\n\t\t\t<dt class='gallery-icon landscape'>\n\t\t\t\t<a href='http:\/\/loule2015.com\/wp-content\/uploads\/2015\/12\/DSC_5235.jpg'><img loading=\"lazy\" decoding=\"async\" width=\"480\" height=\"321\" src=\"http:\/\/loule2015.com\/wp-content\/uploads\/2015\/12\/DSC_5235-480x321.jpg\" class=\"attachment-thumbnail size-thumbnail\" alt=\"\" srcset=\"http:\/\/loule2015.com\/wp-content\/uploads\/2015\/12\/DSC_5235-480x321.jpg 480w, http:\/\/loule2015.com\/wp-content\/uploads\/2015\/12\/DSC_5235.jpg 800w\" sizes=\"auto, (max-width: 480px) 100vw, 480px\" \/><\/a>\n\t\t\t<\/dt><\/dl><br style=\"clear: both\" \/><dl class='gallery-item'>\n\t\t\t<dt class='gallery-icon landscape'>\n\t\t\t\t<a href='http:\/\/loule2015.com\/wp-content\/uploads\/2015\/12\/DSC_5270.jpg'><img loading=\"lazy\" decoding=\"async\" width=\"480\" height=\"321\" src=\"http:\/\/loule2015.com\/wp-content\/uploads\/2015\/12\/DSC_5270-480x321.jpg\" class=\"attachment-thumbnail size-thumbnail\" alt=\"\" srcset=\"http:\/\/loule2015.com\/wp-content\/uploads\/2015\/12\/DSC_5270-480x321.jpg 480w, http:\/\/loule2015.com\/wp-content\/uploads\/2015\/12\/DSC_5270.jpg 800w\" sizes=\"auto, (max-width: 480px) 100vw, 480px\" \/><\/a>\n\t\t\t<\/dt><\/dl><dl class='gallery-item'>\n\t\t\t<dt class='gallery-icon landscape'>\n\t\t\t\t<a href='http:\/\/loule2015.com\/wp-content\/uploads\/2015\/12\/DSC_5585.jpg'><img loading=\"lazy\" decoding=\"async\" width=\"480\" height=\"321\" src=\"http:\/\/loule2015.com\/wp-content\/uploads\/2015\/12\/DSC_5585-480x321.jpg\" class=\"attachment-thumbnail size-thumbnail\" alt=\"\" srcset=\"http:\/\/loule2015.com\/wp-content\/uploads\/2015\/12\/DSC_5585-480x321.jpg 480w, http:\/\/loule2015.com\/wp-content\/uploads\/2015\/12\/DSC_5585.jpg 800w\" sizes=\"auto, (max-width: 480px) 100vw, 480px\" \/><\/a>\n\t\t\t<\/dt><\/dl><dl class='gallery-item'>\n\t\t\t<dt class='gallery-icon landscape'>\n\t\t\t\t<a href='http:\/\/loule2015.com\/wp-content\/uploads\/2015\/12\/DSC_5281.jpg'><img loading=\"lazy\" decoding=\"async\" width=\"480\" height=\"321\" src=\"http:\/\/loule2015.com\/wp-content\/uploads\/2015\/12\/DSC_5281-480x321.jpg\" class=\"attachment-thumbnail size-thumbnail\" alt=\"\" srcset=\"http:\/\/loule2015.com\/wp-content\/uploads\/2015\/12\/DSC_5281-480x321.jpg 480w, http:\/\/loule2015.com\/wp-content\/uploads\/2015\/12\/DSC_5281.jpg 800w\" sizes=\"auto, (max-width: 480px) 100vw, 480px\" \/><\/a>\n\t\t\t<\/dt><\/dl><br style=\"clear: both\" \/>\n\t\t<\/div>\n\n<p><\/a><\/p>\n","protected":false},"excerpt":{"rendered":"<p>_ A C\u00e2mara Municipal de Loul\u00e9 organiza a Cerim\u00f3nia de Encerramento de Loul\u00e9 Cidade Europeia do Desporto 2015 \u2013 3\u00ba Edi\u00e7\u00e3o da Gala do Desporto, no dia 19 de Dezembro, no Pavilh\u00e3o Desportivo Municipal de Loul\u00e9, pelas 21h00. Para al\u00e9m de promover e divulgar a pr\u00e1tica de desporto e a actividade f\u00edsica no concelho, este [&hellip;]<\/p>\n","protected":false},"author":1,"featured_media":0,"parent":0,"menu_order":0,"comment_status":"open","ping_status":"open","template":"","meta":{"footnotes":""},"class_list":["post-3180","page","type-page","status-publish","hentry"],"yoast_head":"<!-- This site is optimized with the Yoast SEO plugin v27.5 - https:\/\/yoast.com\/product\/yoast-seo-wordpress\/ -->\n<title>Cidade Europeia do Desporto Loul\u00e9<\/title>\n<meta name=\"description\" content=\"Desporto, Cidade Europeia, Eventos Desportivos, Algarve, Portugal, Europa, Loul\u00e9, Conhecimento, Bem Estar, Sa\u00fade, Atividade F\u00edsica, Voluntario,\" \/>\n<meta name=\"robots\" content=\"index, follow, max-snippet:-1, max-image-preview:large, max-video-preview:-1\" \/>\n<link rel=\"canonical\" href=\"http:\/\/loule2015.com\/?page_id=3180\" \/>\n<meta property=\"og:locale\" content=\"en_US\" \/>\n<meta property=\"og:type\" content=\"article\" \/>\n<meta property=\"og:title\" content=\"Cidade Europeia do Desporto Loul\u00e9\" \/>\n<meta property=\"og:description\" content=\"Desporto, Cidade Europeia, Eventos Desportivos, Algarve, Portugal, Europa, Loul\u00e9, Conhecimento, Bem Estar, Sa\u00fade, Atividade F\u00edsica, Voluntario,\" \/>\n<meta property=\"og:url\" content=\"http:\/\/loule2015.com\/?page_id=3180\" \/>\n<meta property=\"og:site_name\" content=\"Loul\u00e9 2015\" \/>\n<meta property=\"article:publisher\" content=\"https:\/\/www.facebook.com\/louleced2015?ref=hl\" \/>\n<meta property=\"article:modified_time\" content=\"2020-09-09T11:08:19+00:00\" \/>\n<meta property=\"og:image\" content=\"http:\/\/loule2015.com\/wp-content\/uploads\/2015\/12\/DSC_5585-480x321.jpg\" \/>\n<meta name=\"twitter:card\" content=\"summary_large_image\" \/>\n<meta name=\"twitter:label1\" content=\"Est. reading time\" \/>\n\t<meta name=\"twitter:data1\" content=\"1 minute\" \/>\n<script type=\"application\/ld+json\" class=\"yoast-schema-graph\">{\"@context\":\"https:\\\/\\\/schema.org\",\"@graph\":[{\"@type\":\"WebPage\",\"@id\":\"http:\\\/\\\/loule2015.com\\\/?page_id=3180\",\"url\":\"http:\\\/\\\/loule2015.com\\\/?page_id=3180\",\"name\":\"Cidade Europeia do Desporto Loul\u00e9\",\"isPartOf\":{\"@id\":\"https:\\\/\\\/loule2015.com\\\/#website\"},\"primaryImageOfPage\":{\"@id\":\"http:\\\/\\\/loule2015.com\\\/?page_id=3180#primaryimage\"},\"image\":{\"@id\":\"http:\\\/\\\/loule2015.com\\\/?page_id=3180#primaryimage\"},\"thumbnailUrl\":\"http:\\\/\\\/loule2015.com\\\/wp-content\\\/uploads\\\/2015\\\/12\\\/cartaz_cerimonia_encerramento_gala_desporto3-1024x1448.png\",\"datePublished\":\"2015-12-14T11:02:38+00:00\",\"dateModified\":\"2020-09-09T11:08:19+00:00\",\"description\":\"Desporto, Cidade Europeia, Eventos Desportivos, Algarve, Portugal, Europa, Loul\u00e9, Conhecimento, Bem Estar, Sa\u00fade, Atividade F\u00edsica, Voluntario,\",\"breadcrumb\":{\"@id\":\"http:\\\/\\\/loule2015.com\\\/?page_id=3180#breadcrumb\"},\"inLanguage\":\"en-US\",\"potentialAction\":[{\"@type\":\"ReadAction\",\"target\":[\"http:\\\/\\\/loule2015.com\\\/?page_id=3180\"]}]},{\"@type\":\"ImageObject\",\"inLanguage\":\"en-US\",\"@id\":\"http:\\\/\\\/loule2015.com\\\/?page_id=3180#primaryimage\",\"url\":\"http:\\\/\\\/loule2015.com\\\/wp-content\\\/uploads\\\/2015\\\/12\\\/cartaz_cerimonia_encerramento_gala_desporto3.png\",\"contentUrl\":\"http:\\\/\\\/loule2015.com\\\/wp-content\\\/uploads\\\/2015\\\/12\\\/cartaz_cerimonia_encerramento_gala_desporto3.png\",\"width\":1122,\"height\":1587},{\"@type\":\"BreadcrumbList\",\"@id\":\"http:\\\/\\\/loule2015.com\\\/?page_id=3180#breadcrumb\",\"itemListElement\":[{\"@type\":\"ListItem\",\"position\":1,\"name\":\"Home\",\"item\":\"https:\\\/\\\/loule2015.com\\\/\"},{\"@type\":\"ListItem\",\"position\":2,\"name\":\"Cerim\u00f3nia de Encerramento de Loul\u00e9 Cidade Europeia do Desporto 2015 \u2013 3\u00ba Edi\u00e7\u00e3o da Gala do Desporto\"}]},{\"@type\":\"WebSite\",\"@id\":\"https:\\\/\\\/loule2015.com\\\/#website\",\"url\":\"https:\\\/\\\/loule2015.com\\\/\",\"name\":\"Loul\u00e9 2015\",\"description\":\"Cidade Europeia do Desporto\",\"potentialAction\":[{\"@type\":\"SearchAction\",\"target\":{\"@type\":\"EntryPoint\",\"urlTemplate\":\"https:\\\/\\\/loule2015.com\\\/?s={search_term_string}\"},\"query-input\":{\"@type\":\"PropertyValueSpecification\",\"valueRequired\":true,\"valueName\":\"search_term_string\"}}],\"inLanguage\":\"en-US\"}]}<\/script>\n<!-- \/ Yoast SEO plugin. -->","yoast_head_json":{"title":"Cidade Europeia do Desporto Loul\u00e9","description":"Desporto, Cidade Europeia, Eventos Desportivos, Algarve, Portugal, Europa, Loul\u00e9, Conhecimento, Bem Estar, Sa\u00fade, Atividade F\u00edsica, Voluntario,","robots":{"index":"index","follow":"follow","max-snippet":"max-snippet:-1","max-image-preview":"max-image-preview:large","max-video-preview":"max-video-preview:-1"},"canonical":"http:\/\/loule2015.com\/?page_id=3180","og_locale":"en_US","og_type":"article","og_title":"Cidade Europeia do Desporto Loul\u00e9","og_description":"Desporto, Cidade Europeia, Eventos Desportivos, Algarve, Portugal, Europa, Loul\u00e9, Conhecimento, Bem Estar, Sa\u00fade, Atividade F\u00edsica, Voluntario,","og_url":"http:\/\/loule2015.com\/?page_id=3180","og_site_name":"Loul\u00e9 2015","article_publisher":"https:\/\/www.facebook.com\/louleced2015?ref=hl","article_modified_time":"2020-09-09T11:08:19+00:00","og_image":[{"url":"http:\/\/loule2015.com\/wp-content\/uploads\/2015\/12\/DSC_5585-480x321.jpg","type":"","width":"","height":""}],"twitter_card":"summary_large_image","twitter_misc":{"Est. reading time":"1 minute"},"schema":{"@context":"https:\/\/schema.org","@graph":[{"@type":"WebPage","@id":"http:\/\/loule2015.com\/?page_id=3180","url":"http:\/\/loule2015.com\/?page_id=3180","name":"Cidade Europeia do Desporto Loul\u00e9","isPartOf":{"@id":"https:\/\/loule2015.com\/#website"},"primaryImageOfPage":{"@id":"http:\/\/loule2015.com\/?page_id=3180#primaryimage"},"image":{"@id":"http:\/\/loule2015.com\/?page_id=3180#primaryimage"},"thumbnailUrl":"http:\/\/loule2015.com\/wp-content\/uploads\/2015\/12\/cartaz_cerimonia_encerramento_gala_desporto3-1024x1448.png","datePublished":"2015-12-14T11:02:38+00:00","dateModified":"2020-09-09T11:08:19+00:00","description":"Desporto, Cidade Europeia, Eventos Desportivos, Algarve, Portugal, Europa, Loul\u00e9, Conhecimento, Bem Estar, Sa\u00fade, Atividade F\u00edsica, Voluntario,","breadcrumb":{"@id":"http:\/\/loule2015.com\/?page_id=3180#breadcrumb"},"inLanguage":"en-US","potentialAction":[{"@type":"ReadAction","target":["http:\/\/loule2015.com\/?page_id=3180"]}]},{"@type":"ImageObject","inLanguage":"en-US","@id":"http:\/\/loule2015.com\/?page_id=3180#primaryimage","url":"http:\/\/loule2015.com\/wp-content\/uploads\/2015\/12\/cartaz_cerimonia_encerramento_gala_desporto3.png","contentUrl":"http:\/\/loule2015.com\/wp-content\/uploads\/2015\/12\/cartaz_cerimonia_encerramento_gala_desporto3.png","width":1122,"height":1587},{"@type":"BreadcrumbList","@id":"http:\/\/loule2015.com\/?page_id=3180#breadcrumb","itemListElement":[{"@type":"ListItem","position":1,"name":"Home","item":"https:\/\/loule2015.com\/"},{"@type":"ListItem","position":2,"name":"Cerim\u00f3nia de Encerramento de Loul\u00e9 Cidade Europeia do Desporto 2015 \u2013 3\u00ba Edi\u00e7\u00e3o da Gala do Desporto"}]},{"@type":"WebSite","@id":"https:\/\/loule2015.com\/#website","url":"https:\/\/loule2015.com\/","name":"Loul\u00e9 2015","description":"Cidade Europeia do Desporto","potentialAction":[{"@type":"SearchAction","target":{"@type":"EntryPoint","urlTemplate":"https:\/\/loule2015.com\/?s={search_term_string}"},"query-input":{"@type":"PropertyValueSpecification","valueRequired":true,"valueName":"search_term_string"}}],"inLanguage":"en-US"}]}},"_links":{"self":[{"href":"http:\/\/loule2015.com\/index.php?rest_route=\/wp\/v2\/pages\/3180","targetHints":{"allow":["GET"]}}],"collection":[{"href":"http:\/\/loule2015.com\/index.php?rest_route=\/wp\/v2\/pages"}],"about":[{"href":"http:\/\/loule2015.com\/index.php?rest_route=\/wp\/v2\/types\/page"}],"author":[{"embeddable":true,"href":"http:\/\/loule2015.com\/index.php?rest_route=\/wp\/v2\/users\/1"}],"replies":[{"embeddable":true,"href":"http:\/\/loule2015.com\/index.php?rest_route=%2Fwp%2Fv2%2Fcomments&post=3180"}],"version-history":[{"count":12,"href":"http:\/\/loule2015.com\/index.php?rest_route=\/wp\/v2\/pages\/3180\/revisions"}],"predecessor-version":[{"id":3324,"href":"http:\/\/loule2015.com\/index.php?rest_route=\/wp\/v2\/pages\/3180\/revisions\/3324"}],"wp:attachment":[{"href":"http:\/\/loule2015.com\/index.php?rest_route=%2Fwp%2Fv2%2Fmedia&parent=3180"}],"curies":[{"name":"wp","href":"https:\/\/api.w.org\/{rel}","templated":true}]}}